{"id":2544,"date":"2025-10-05T18:21:59","date_gmt":"2025-10-05T16:21:59","guid":{"rendered":"https:\/\/sakina-therapie.pro\/?page_id=2544"},"modified":"2025-10-05T18:30:08","modified_gmt":"2025-10-05T16:30:08","slug":"conditions-generales-de-ventes","status":"publish","type":"page","link":"https:\/\/sakina-therapie.pro\/index.php\/conditions-generales-de-ventes\/","title":{"rendered":"Conditions g\u00e9n\u00e9rales de ventes"},"content":{"rendered":"\n<p><\/p>\n\n\n\n<p class=\"has-palette-color-4-color has-text-color has-link-color has-medium-font-size wp-elements-967bdf2c98d756e854308765fdd3b3a7\"><strong>Derni\u00e8re mise \u00e0 jour : septembre 2025<\/strong><\/p>\n\n\n\n<p class=\"has-palette-color-4-color has-text-color has-link-color has-medium-font-size wp-elements-88757ec86b28eb9d834b175bb7272d19\"><strong>1. Identification du vendeur<\/strong><\/p>\n\n\n\n<p class=\"has-palette-color-4-color has-text-color has-link-color has-medium-font-size wp-elements-89bb1231127d9a9fe317e1385ccd0693\">\u2022&nbsp;<strong>Nom et pr\u00e9nom :<\/strong>&nbsp;Oum&nbsp;Sakina<\/p>\n\n\n\n<p class=\"has-palette-color-4-color has-text-color has-link-color has-medium-font-size wp-elements-6bf390699674b2a905668ca53ac3c142\">\u2022&nbsp;<strong>Activit\u00e9 :<\/strong>&nbsp;Psycho-praticienne&nbsp;en psychoth\u00e9rapie&nbsp;islamiya<\/p>\n\n\n\n<p class=\"has-palette-color-4-color has-text-color has-link-color has-medium-font-size wp-elements-5ff2f9e013f0795262f069cd543283e7\">\u2022&nbsp;<strong>Adresse postale :<\/strong>&nbsp;Le Caire, \u00c9gypte<\/p>\n\n\n\n<p class=\"has-palette-color-4-color has-text-color has-link-color has-medium-font-size wp-elements-d0e90c8e9b3f34ee36e47ef954e3a76e\">\u2022&nbsp;<strong>Adresse&nbsp;<\/strong><strong>email<\/strong><strong>&nbsp;:<\/strong>&nbsp;halipre.lucie@gmail.com<\/p>\n\n\n\n<p class=\"has-palette-color-4-color has-text-color has-link-color has-medium-font-size wp-elements-4d3b7c49417f93c09a571a17fa0eee2b\">\u2022&nbsp;<strong>Num\u00e9ro WhatsApp :<\/strong>&nbsp;+20 120 829 0803<\/p>\n\n\n\n<p class=\"has-palette-color-4-color has-text-color has-link-color has-medium-font-size wp-elements-dc23a50d82e276fb6cc3a20c6a6227bc\">\u2022&nbsp;<strong>Site internet :<\/strong>&nbsp;<a href=\"https:\/\/sakina-therapie.pro\/\">sakina-therapie.pro<\/a><\/p>\n\n\n\n<p class=\"has-palette-color-4-color has-text-color has-link-color has-medium-font-size wp-elements-d24dcad11b0ad45d319b6c548cd2921d\"><strong>2. Objet<\/strong><\/p>\n\n\n\n<p class=\"has-palette-color-4-color has-text-color has-link-color has-medium-font-size wp-elements-27167e7465fa7b4bd321018f7965baf1\">Les pr\u00e9sentes Conditions G\u00e9n\u00e9rales de Vente (CGV) r\u00e9gissent la vente et la r\u00e9alisation de prestations de services propos\u00e9es par Oum&nbsp;Sakina&nbsp;via son site internet, notamment :<\/p>\n\n\n\n<p class=\"has-palette-color-4-color has-text-color has-link-color has-medium-font-size wp-elements-cecc26b06eda368b3751a420e261e538\">\u2022&nbsp;Consultations,&nbsp;s\u00e9ances&nbsp;de psychoth\u00e9rapie&nbsp;islamiya.<\/p>\n\n\n\n<p class=\"has-palette-color-4-color has-text-color has-link-color has-medium-font-size wp-elements-61458cef355e07012e69f772815f9476\">\u2022&nbsp;s\u00e9ances de diagnostic et de&nbsp;roqia.<\/p>\n\n\n\n<p class=\"has-palette-color-4-color has-text-color has-link-color has-medium-font-size wp-elements-1f6674cb0829eaf662dbb2936d861686\">Toute commande ou prise de rendez-vous implique l\u2019adh\u00e9sion enti\u00e8re et sans r\u00e9serve de la cliente aux pr\u00e9sentes CGV.<\/p>\n\n\n\n<p class=\"has-palette-color-4-color has-text-color has-link-color has-medium-font-size wp-elements-afa280de0671dc8dd593a19a643aefef\"><strong>3. Prestations et tarifs<\/strong><\/p>\n\n\n\n<p class=\"has-palette-color-4-color has-text-color has-link-color has-medium-font-size wp-elements-67252f4820f9e833f0433c077831a524\">\u2022&nbsp;<strong>Dur\u00e9e des s\u00e9ances :<\/strong>&nbsp;45 minutes.<\/p>\n\n\n\n<p class=\"has-palette-color-4-color has-text-color has-link-color has-medium-font-size wp-elements-47e2b0d7ede12b67ffff371b91f31bed\">\u2022&nbsp;<strong>Tarifs applicables :<\/strong><\/p>\n\n\n\n<p class=\"has-palette-color-4-color has-text-color has-link-color has-medium-font-size wp-elements-a8bd303ff8a3dd1c39e7b6a005f784d2\">o&nbsp;Premi\u00e8re s\u00e9ance de psychoth\u00e9rapie&nbsp;islamiya&nbsp;: 45 \u20ac<\/p>\n\n\n\n<p class=\"has-palette-color-4-color has-text-color has-link-color has-medium-font-size wp-elements-b040254efa814a3635a1305b6c5ba309\">o&nbsp;S\u00e9ances de suivi : 40 \u20ac<\/p>\n\n\n\n<p class=\"has-palette-color-4-color has-text-color has-link-color has-medium-font-size wp-elements-771d0918ee5c838730d183306a84998e\">o&nbsp;S\u00e9ance de&nbsp;r\u00e9citation\/&nbsp;roqia&nbsp;: 45 \u20ac<\/p>\n\n\n\n<p class=\"has-palette-color-4-color has-text-color has-link-color has-medium-font-size wp-elements-6181279d725a5b43c9b240fd747c1a36\">\u2022&nbsp;Les prix sont exprim\u00e9s en euros, toutes taxes comprises.<\/p>\n\n\n\n<p class=\"has-palette-color-4-color has-text-color has-link-color has-medium-font-size wp-elements-4a8bf8206a1aa771774274098be30567\">\u2022&nbsp;La psychopraticienne&nbsp;se r\u00e9serve le droit de modifier ses tarifs \u00e0 tout moment, mais les prestations sont factur\u00e9es sur la base en vigueur au moment de la&nbsp;r\u00e9servation.<\/p>\n\n\n\n<p class=\"has-palette-color-4-color has-text-color has-link-color has-medium-font-size wp-elements-9eae2660f71d7d0b988abe1cfbdde8c4\"><strong>4. Commande et prise de rendez-vous<\/strong><\/p>\n\n\n\n<p class=\"has-palette-color-4-color has-text-color has-link-color has-medium-font-size wp-elements-2e6ddcd6c6512e0b426959f0a0454c28\">\u2022&nbsp;Les prestations se r\u00e9servent via le site, WhatsApp,&nbsp;Telegram&nbsp;.<\/p>\n\n\n\n<p class=\"has-palette-color-4-color has-text-color has-link-color has-medium-font-size wp-elements-a420b740f0df1b2ee0dd028e9905cd12\">\u2022&nbsp;La confirmation de rendez-vous par la psychopraticienne&nbsp;vaut conclusion du contrat.<\/p>\n\n\n\n<p class=\"has-palette-color-4-color has-text-color has-link-color has-medium-font-size wp-elements-8a3b711734a59e7cd00ce83d87a57c37\">\u2022&nbsp;Toute r\u00e9servation vaut acceptation des pr\u00e9sentes CGV.<\/p>\n\n\n\n<p class=\"has-palette-color-4-color has-text-color has-link-color has-medium-font-size wp-elements-2633c2092dcc717e84339df24fef7657\"><strong>5. Paiement<\/strong><\/p>\n\n\n\n<p class=\"has-palette-color-4-color has-text-color has-link-color has-medium-font-size wp-elements-ff97490c43af32ba7437867b7a0fc64c\">\u2022&nbsp;Le r\u00e8glement s\u2019effectue&nbsp;suite \u00e0&nbsp;la prise du rendez-vous&nbsp;,&nbsp;par les moyens accept\u00e9s (virement, paiement en ligne, autres pr\u00e9cis\u00e9s lors de la r\u00e9servation).<\/p>\n\n\n\n<p class=\"has-palette-color-4-color has-text-color has-link-color has-medium-font-size wp-elements-6a5f3839a2c8ae24f421ee049791d3c7\">\u2022&nbsp;Toute s\u00e9ance non r\u00e9gl\u00e9e ne pourra avoir lieu.<\/p>\n\n\n\n<p class=\"has-palette-color-4-color has-text-color has-link-color has-medium-font-size wp-elements-a3d90347b3c24e9356fb26393a19aa9c\"><strong>6. Annulation et report<\/strong><\/p>\n\n\n\n<p class=\"has-palette-color-4-color has-text-color has-link-color has-medium-font-size wp-elements-097edd0b92f90732de66ae25b5127075\">\u2022&nbsp;La&nbsp;patiente&nbsp;peut annuler ou reporter son rendez-vous au&nbsp;minimum&nbsp;<strong>24h \u00e0 l\u2019avance<\/strong>.<\/p>\n\n\n\n<p class=\"has-palette-color-4-color has-text-color has-link-color has-medium-font-size wp-elements-6b560d0b22f91a3924947744c5aab4ec\">\u2022&nbsp;En cas&nbsp;de demande d\u2019annulation en dessous des 24h,&nbsp;la s\u00e9ance sera due. Sauf cas d\u2019urgence du c\u00f4t\u00e9 de la patiente.<\/p>\n\n\n\n<p class=\"has-palette-color-4-color has-text-color has-link-color has-medium-font-size wp-elements-63a7ea21e9161cbd86117c0218cd5bf6\">\u2022&nbsp;Toute s\u00e9ance commenc\u00e9e est consid\u00e9r\u00e9e comme due dans sa totalit\u00e9.<\/p>\n\n\n\n<p class=\"has-palette-color-4-color has-text-color has-link-color has-medium-font-size wp-elements-2c41aa6e51c7c3c1b639789b03356d28\">\u2022&nbsp;La psychopraticienne&nbsp;peut reporter ou annuler une s\u00e9ance en cas de force majeure, en informant la cliente dans les meilleurs d\u00e9lais.<\/p>\n\n\n\n<p class=\"has-palette-color-4-color has-text-color has-link-color has-medium-font-size wp-elements-30abb357ec87f0f029a4324a99fdc5f3\"><strong>7. Nature des prestations \u2013 Limites<\/strong><\/p>\n\n\n\n<p class=\"has-palette-color-4-color has-text-color has-link-color has-medium-font-size wp-elements-c4aefa6be4c510167194a6ef094539cc\">\u2022&nbsp;Les prestations propos\u00e9es rel\u00e8vent de la&nbsp;<strong>psychoth\u00e9rapie&nbsp;<\/strong><strong>islamiya<\/strong>&nbsp;et&nbsp;ne remplace pas&nbsp;<strong>un avis m\u00e9dical<\/strong>.<\/p>\n\n\n\n<p class=\"has-palette-color-4-color has-text-color has-link-color has-medium-font-size wp-elements-062bc34769a83855c7d33dbb627e183d\">\u2022&nbsp;Elles ne remplacent en aucun cas un suivi m\u00e9dical ni les conseils d\u2019un professionnel de sant\u00e9.<\/p>\n\n\n\n<p class=\"has-palette-color-4-color has-text-color has-link-color has-medium-font-size wp-elements-50c4a88ccb2fa79db4e937480aa88c6e\">\u2022&nbsp;L\u2019accompagnement est compl\u00e9mentaire, bas\u00e9&nbsp;et en accord avec&nbsp;le Coran et la Sunna.<\/p>\n\n\n\n<p class=\"has-palette-color-4-color has-text-color has-link-color has-medium-font-size wp-elements-2e4180840754107be6f6f23d366bedd3\"><strong>8. Responsabilit\u00e9<\/strong><\/p>\n\n\n\n<p class=\"has-palette-color-4-color has-text-color has-link-color has-medium-font-size wp-elements-9b4a8de655d215eae28a34ba6bf6077f\">\u2022&nbsp;La psychopraticienne&nbsp;s\u2019engage \u00e0 fournir un accompagnement bienveillant et professionnel,&nbsp;et s\u2019engage \u00e0 y mettre ces capacit\u00e9s au mieux MAIS ne peut garantir de r\u00e9sultat.<\/p>\n\n\n\n<p class=\"has-palette-color-4-color has-text-color has-link-color has-medium-font-size wp-elements-72a6efce20e7d95cd44cbb2e4d966e7f\">\u2022&nbsp;La psychopraticienne ne peut&nbsp;\u00eatre tenu responsable des cons\u00e9quences des&nbsp;d\u00e9cisions personnelles prises par la&nbsp;patiente&nbsp;suite aux s\u00e9ances.<\/p>\n\n\n\n<p class=\"has-palette-color-4-color has-text-color has-link-color has-medium-font-size wp-elements-7cbd995accc514e98b8faf2bb03bf9bc\"><strong>9. Droit de r\u00e9tractation et renonciation<\/strong><\/p>\n\n\n\n<p class=\"has-palette-color-4-color has-text-color has-link-color has-medium-font-size wp-elements-36e72600cd756427ae059e2191b1a7e1\">\u2022&nbsp;Conform\u00e9ment aux articles&nbsp;<strong>L.221-18 et suivants<\/strong>&nbsp;du Code de la consommation, la cliente b\u00e9n\u00e9ficie en principe d\u2019un droit de r\u00e9tractation de&nbsp;<strong>14 jours<\/strong>&nbsp;\u00e0 compter de la r\u00e9servation.<\/p>\n\n\n\n<p class=\"has-palette-color-4-color has-text-color has-link-color has-medium-font-size wp-elements-c533e814e406611ccd0ae8ce3f0a826c\">\u2022&nbsp;Toutefois, en validant sa r\u00e9servation, la&nbsp;patiente&nbsp;peut demander express\u00e9ment que la prestation commence avant l\u2019expiration du d\u00e9lai de r\u00e9tractation.<\/p>\n\n\n\n<p class=\"has-palette-color-4-color has-text-color has-link-color has-medium-font-size wp-elements-3f4b239b95cbf9cf83e5548c7720167c\">\u2022&nbsp;Dans ce cas, la cliente&nbsp;<strong>reconna\u00eet et accepte de renoncer \u00e0 son droit de r\u00e9tractation<\/strong>pour la s\u00e9ance engag\u00e9e.<\/p>\n\n\n\n<p class=\"has-palette-color-4-color has-text-color has-link-color has-medium-font-size wp-elements-e69e8097c606e484993f4d84b3a4d4f7\">\u2022&nbsp;Ainsi,&nbsp;<strong>aucun remboursement ne sera effectu\u00e9<\/strong>&nbsp;pour une s\u00e9ance d\u00e9j\u00e0 r\u00e9alis\u00e9e, m\u00eame si la demande de r\u00e9tractation intervient dans le d\u00e9lai l\u00e9gal.<\/p>\n\n\n\n<p class=\"has-palette-color-4-color has-text-color has-link-color has-medium-font-size wp-elements-dc18ea5fc79cffe97d9cf19544b5ac8a\"><strong>Exemple de mention lors de la r\u00e9servation (case \u00e0 cocher obligatoire) :<\/strong><br>\u2610&nbsp;<em>Je demande l\u2019ex\u00e9cution imm\u00e9diate de la prestation (s\u00e9ance) et reconnais renoncer express\u00e9ment \u00e0 mon droit de r\u00e9tractation, conform\u00e9ment aux articles L.221-18 et L.221-28 du Code de la consommation. Je comprends qu\u2019aucun remboursement ne sera possible apr\u00e8s la r\u00e9alisation de la s\u00e9ance.<\/em><\/p>\n\n\n\n<p class=\"has-palette-color-4-color has-text-color has-link-color has-medium-font-size wp-elements-789b21be31a9c84eaff0e0a2a65595cc\"><strong>10. Confidentialit\u00e9 et donn\u00e9es personnelles<\/strong><\/p>\n\n\n\n<p class=\"has-palette-color-4-color has-text-color has-link-color has-medium-font-size wp-elements-e0465f023f50f11692855eaf0d8335b1\">\u2022&nbsp;Les&nbsp;confidences&nbsp;partag\u00e9es durant les s\u00e9ances sont strictement confidentielles.<\/p>\n\n\n\n<p class=\"has-palette-color-4-color has-text-color has-link-color has-medium-font-size wp-elements-a8fe07c9d1a8fcc8bdeea00423bf038b\">\u2022&nbsp;Les donn\u00e9es collect\u00e9es (nom,&nbsp;email, t\u00e9l\u00e9phone) servent uniquement \u00e0 la gestion des rendez-vous et \u00e0 la communication avec la&nbsp;patiente.<\/p>\n\n\n\n<p class=\"has-palette-color-4-color has-text-color has-link-color has-medium-font-size wp-elements-47f9541bd852caf86a71606170c2c9ca\">\u2022&nbsp;Conform\u00e9ment au&nbsp;<strong>RGPD<\/strong>, la&nbsp;patiente&nbsp;dispose d\u2019un droit d\u2019acc\u00e8s, de rectification et de suppression de ses donn\u00e9es.<\/p>\n\n\n\n<p class=\"has-palette-color-4-color has-text-color has-link-color has-medium-font-size wp-elements-55b5016ded0ba9666b157b05c2ad934f\">\u2022&nbsp;Toute demande peut \u00eatre adress\u00e9e par&nbsp;email&nbsp;:&nbsp;<strong>halipre.lucie@gmail.com<\/strong><\/p>\n\n\n\n<p class=\"has-palette-color-4-color has-text-color has-link-color has-medium-font-size wp-elements-e7dcf1ac5c2103a427f4f9e9a4dc9861\"><strong>11. Propri\u00e9t\u00e9 intellectuelle<\/strong><\/p>\n\n\n\n<p class=\"has-palette-color-4-color has-text-color has-link-color has-medium-font-size wp-elements-a67e569b0c046203e3e70f985c4d25cc\">Tous les \u00e9l\u00e9ments du site (textes, logo, images) sont la propri\u00e9t\u00e9 exclusive&nbsp;de&nbsp;lapsychopraticienne. Toute reproduction ou utilisation non autoris\u00e9e est interdite.<\/p>\n\n\n\n<p class=\"has-palette-color-4-color has-text-color has-link-color has-medium-font-size wp-elements-b5eeb68fbfd97199fe94c166eb91ab80\"><strong>12. Loi applicable et juridiction comp\u00e9tente<\/strong><\/p>\n\n\n\n<p class=\"has-palette-color-4-color has-text-color has-link-color has-medium-font-size wp-elements-ace73df4f1f7a658efa2f4c6ce73356e\">\u2022&nbsp;Les pr\u00e9sentes CGV sont r\u00e9gies par le&nbsp;<strong>droit fran\u00e7ais<\/strong>.<\/p>\n\n\n\n<p class=\"has-palette-color-4-color has-text-color has-link-color has-medium-font-size wp-elements-a4922691f1acdacf51fd5bcc97ff9e70\">\u2022&nbsp;En cas de litige, les parties rechercheront d\u2019abord une solution amiable.<\/p>\n\n\n\n<p class=\"has-palette-color-4-color has-text-color has-link-color has-medium-font-size wp-elements-47ecf88b5df65d59102a37c8eccbfa4d\">\u2022&nbsp;\u00c0 d\u00e9faut, comp\u00e9tence expresse est attribu\u00e9e aux tribunaux fran\u00e7ais comp\u00e9tents.<\/p>\n","protected":false},"excerpt":{"rendered":"<p>Derni\u00e8re mise \u00e0 jour : septembre 2025 1. Identification du vendeur \u2022&nbsp;Nom et pr\u00e9nom :&nbsp;Oum&nbsp;Sakina \u2022&nbsp;Activit\u00e9 :&nbsp;Psycho-praticienne&nbsp;en psychoth\u00e9rapie&nbsp;islamiya \u2022&nbsp;Adresse postale :&nbsp;Le Caire, \u00c9gypte \u2022&nbsp;Adresse&nbsp;email&nbsp;:&nbsp;halipre.lucie@gmail.com \u2022&nbsp;Num\u00e9ro WhatsApp :&nbsp;+20 120 829 0803 \u2022&nbsp;Site internet :&nbsp;sakina-therapie.pro 2. Objet Les pr\u00e9sentes Conditions G\u00e9n\u00e9rales de Vente (CGV) r\u00e9gissent la vente et la r\u00e9alisation de prestations de services propos\u00e9es par Oum&nbsp;Sakina&nbsp;via [&hellip;]<\/p>\n","protected":false},"author":1,"featured_media":2200,"parent":0,"menu_order":0,"comment_status":"closed","ping_status":"closed","template":"","meta":{"footnotes":""},"class_list":["post-2544","page","type-page","status-publish","has-post-thumbnail","hentry"],"blocksy_meta":[],"yoast_head":"<!-- This site is optimized with the Yoast SEO plugin v27.0 - https:\/\/yoast.com\/product\/yoast-seo-wordpress\/ -->\n<title>Conditions g\u00e9n\u00e9rales de ventes - Sakina th\u00e9rapie<\/title>\n<meta name=\"robots\" content=\"index, follow, max-snippet:-1, max-image-preview:large, max-video-preview:-1\" \/>\n<link rel=\"canonical\" href=\"https:\/\/sakina-therapie.pro\/index.php\/conditions-generales-de-ventes\/\" \/>\n<meta property=\"og:locale\" content=\"en_US\" \/>\n<meta property=\"og:type\" content=\"article\" \/>\n<meta property=\"og:title\" content=\"Conditions g\u00e9n\u00e9rales de ventes - Sakina th\u00e9rapie\" \/>\n<meta property=\"og:description\" content=\"Derni\u00e8re mise \u00e0 jour : septembre 2025 1. Identification du vendeur \u2022&nbsp;Nom et pr\u00e9nom :&nbsp;Oum&nbsp;Sakina \u2022&nbsp;Activit\u00e9 :&nbsp;Psycho-praticienne&nbsp;en psychoth\u00e9rapie&nbsp;islamiya \u2022&nbsp;Adresse postale :&nbsp;Le Caire, \u00c9gypte \u2022&nbsp;Adresse&nbsp;email&nbsp;:&nbsp;halipre.lucie@gmail.com \u2022&nbsp;Num\u00e9ro WhatsApp :&nbsp;+20 120 829 0803 \u2022&nbsp;Site internet :&nbsp;sakina-therapie.pro 2. Objet Les pr\u00e9sentes Conditions G\u00e9n\u00e9rales de Vente (CGV) r\u00e9gissent la vente et la r\u00e9alisation de prestations de services propos\u00e9es par Oum&nbsp;Sakina&nbsp;via [&hellip;]\" \/>\n<meta property=\"og:url\" content=\"https:\/\/sakina-therapie.pro\/index.php\/conditions-generales-de-ventes\/\" \/>\n<meta property=\"og:site_name\" content=\"Sakina th\u00e9rapie\" \/>\n<meta property=\"article:modified_time\" content=\"2025-10-05T16:30:08+00:00\" \/>\n<meta property=\"og:image\" content=\"https:\/\/sakina-therapie.pro\/wp-content\/uploads\/2025\/08\/bande-a-propos-3.png\" \/>\n\t<meta property=\"og:image:width\" content=\"1\" \/>\n\t<meta property=\"og:image:height\" content=\"1\" \/>\n\t<meta property=\"og:image:type\" content=\"image\/png\" \/>\n<meta name=\"twitter:card\" content=\"summary_large_image\" \/>\n<meta name=\"twitter:label1\" content=\"Est. reading time\" \/>\n\t<meta name=\"twitter:data1\" content=\"4 minutes\" \/>\n<script type=\"application\/ld+json\" class=\"yoast-schema-graph\">{\"@context\":\"https:\/\/schema.org\",\"@graph\":[{\"@type\":\"WebPage\",\"@id\":\"https:\/\/sakina-therapie.pro\/index.php\/conditions-generales-de-ventes\/\",\"url\":\"https:\/\/sakina-therapie.pro\/index.php\/conditions-generales-de-ventes\/\",\"name\":\"Conditions g\u00e9n\u00e9rales de ventes - Sakina th\u00e9rapie\",\"isPartOf\":{\"@id\":\"https:\/\/sakina-therapie.pro\/#website\"},\"primaryImageOfPage\":{\"@id\":\"https:\/\/sakina-therapie.pro\/index.php\/conditions-generales-de-ventes\/#primaryimage\"},\"image\":{\"@id\":\"https:\/\/sakina-therapie.pro\/index.php\/conditions-generales-de-ventes\/#primaryimage\"},\"thumbnailUrl\":\"https:\/\/sakina-therapie.pro\/wp-content\/uploads\/2025\/08\/bande-a-propos-3.png\",\"datePublished\":\"2025-10-05T16:21:59+00:00\",\"dateModified\":\"2025-10-05T16:30:08+00:00\",\"breadcrumb\":{\"@id\":\"https:\/\/sakina-therapie.pro\/index.php\/conditions-generales-de-ventes\/#breadcrumb\"},\"inLanguage\":\"en-US\",\"potentialAction\":[{\"@type\":\"ReadAction\",\"target\":[\"https:\/\/sakina-therapie.pro\/index.php\/conditions-generales-de-ventes\/\"]}]},{\"@type\":\"ImageObject\",\"inLanguage\":\"en-US\",\"@id\":\"https:\/\/sakina-therapie.pro\/index.php\/conditions-generales-de-ventes\/#primaryimage\",\"url\":\"https:\/\/sakina-therapie.pro\/wp-content\/uploads\/2025\/08\/bande-a-propos-3.png\",\"contentUrl\":\"https:\/\/sakina-therapie.pro\/wp-content\/uploads\/2025\/08\/bande-a-propos-3.png\"},{\"@type\":\"BreadcrumbList\",\"@id\":\"https:\/\/sakina-therapie.pro\/index.php\/conditions-generales-de-ventes\/#breadcrumb\",\"itemListElement\":[{\"@type\":\"ListItem\",\"position\":1,\"name\":\"Accueil\",\"item\":\"https:\/\/sakina-therapie.pro\/\"},{\"@type\":\"ListItem\",\"position\":2,\"name\":\"Conditions g\u00e9n\u00e9rales de ventes\"}]},{\"@type\":\"WebSite\",\"@id\":\"https:\/\/sakina-therapie.pro\/#website\",\"url\":\"https:\/\/sakina-therapie.pro\/\",\"name\":\"Sakina th\u00e9rapie\",\"description\":\"Pas \u00e0 pas vers la sakina\",\"publisher\":{\"@id\":\"https:\/\/sakina-therapie.pro\/#organization\"},\"potentialAction\":[{\"@type\":\"SearchAction\",\"target\":{\"@type\":\"EntryPoint\",\"urlTemplate\":\"https:\/\/sakina-therapie.pro\/?s={search_term_string}\"},\"query-input\":{\"@type\":\"PropertyValueSpecification\",\"valueRequired\":true,\"valueName\":\"search_term_string\"}}],\"inLanguage\":\"en-US\"},{\"@type\":\"Organization\",\"@id\":\"https:\/\/sakina-therapie.pro\/#organization\",\"name\":\"Sakina th\u00e9rapie\",\"url\":\"https:\/\/sakina-therapie.pro\/\",\"logo\":{\"@type\":\"ImageObject\",\"inLanguage\":\"en-US\",\"@id\":\"https:\/\/sakina-therapie.pro\/#\/schema\/logo\/image\/\",\"url\":\"https:\/\/sakina-therapie.pro\/wp-content\/uploads\/2025\/08\/Logo-filigrane-pour-fond-clair.png\",\"contentUrl\":\"https:\/\/sakina-therapie.pro\/wp-content\/uploads\/2025\/08\/Logo-filigrane-pour-fond-clair.png\",\"width\":1209,\"height\":1640,\"caption\":\"Sakina th\u00e9rapie\"},\"image\":{\"@id\":\"https:\/\/sakina-therapie.pro\/#\/schema\/logo\/image\/\"}}]}<\/script>\n<!-- \/ Yoast SEO plugin. -->","yoast_head_json":{"title":"Conditions g\u00e9n\u00e9rales de ventes - Sakina th\u00e9rapie","robots":{"index":"index","follow":"follow","max-snippet":"max-snippet:-1","max-image-preview":"max-image-preview:large","max-video-preview":"max-video-preview:-1"},"canonical":"https:\/\/sakina-therapie.pro\/index.php\/conditions-generales-de-ventes\/","og_locale":"en_US","og_type":"article","og_title":"Conditions g\u00e9n\u00e9rales de ventes - Sakina th\u00e9rapie","og_description":"Derni\u00e8re mise \u00e0 jour : septembre 2025 1. Identification du vendeur \u2022&nbsp;Nom et pr\u00e9nom :&nbsp;Oum&nbsp;Sakina \u2022&nbsp;Activit\u00e9 :&nbsp;Psycho-praticienne&nbsp;en psychoth\u00e9rapie&nbsp;islamiya \u2022&nbsp;Adresse postale :&nbsp;Le Caire, \u00c9gypte \u2022&nbsp;Adresse&nbsp;email&nbsp;:&nbsp;halipre.lucie@gmail.com \u2022&nbsp;Num\u00e9ro WhatsApp :&nbsp;+20 120 829 0803 \u2022&nbsp;Site internet :&nbsp;sakina-therapie.pro 2. Objet Les pr\u00e9sentes Conditions G\u00e9n\u00e9rales de Vente (CGV) r\u00e9gissent la vente et la r\u00e9alisation de prestations de services propos\u00e9es par Oum&nbsp;Sakina&nbsp;via [&hellip;]","og_url":"https:\/\/sakina-therapie.pro\/index.php\/conditions-generales-de-ventes\/","og_site_name":"Sakina th\u00e9rapie","article_modified_time":"2025-10-05T16:30:08+00:00","og_image":[{"url":"https:\/\/sakina-therapie.pro\/wp-content\/uploads\/2025\/08\/bande-a-propos-3.png","width":1,"height":1,"type":"image\/png"}],"twitter_card":"summary_large_image","twitter_misc":{"Est. reading time":"4 minutes"},"schema":{"@context":"https:\/\/schema.org","@graph":[{"@type":"WebPage","@id":"https:\/\/sakina-therapie.pro\/index.php\/conditions-generales-de-ventes\/","url":"https:\/\/sakina-therapie.pro\/index.php\/conditions-generales-de-ventes\/","name":"Conditions g\u00e9n\u00e9rales de ventes - Sakina th\u00e9rapie","isPartOf":{"@id":"https:\/\/sakina-therapie.pro\/#website"},"primaryImageOfPage":{"@id":"https:\/\/sakina-therapie.pro\/index.php\/conditions-generales-de-ventes\/#primaryimage"},"image":{"@id":"https:\/\/sakina-therapie.pro\/index.php\/conditions-generales-de-ventes\/#primaryimage"},"thumbnailUrl":"https:\/\/sakina-therapie.pro\/wp-content\/uploads\/2025\/08\/bande-a-propos-3.png","datePublished":"2025-10-05T16:21:59+00:00","dateModified":"2025-10-05T16:30:08+00:00","breadcrumb":{"@id":"https:\/\/sakina-therapie.pro\/index.php\/conditions-generales-de-ventes\/#breadcrumb"},"inLanguage":"en-US","potentialAction":[{"@type":"ReadAction","target":["https:\/\/sakina-therapie.pro\/index.php\/conditions-generales-de-ventes\/"]}]},{"@type":"ImageObject","inLanguage":"en-US","@id":"https:\/\/sakina-therapie.pro\/index.php\/conditions-generales-de-ventes\/#primaryimage","url":"https:\/\/sakina-therapie.pro\/wp-content\/uploads\/2025\/08\/bande-a-propos-3.png","contentUrl":"https:\/\/sakina-therapie.pro\/wp-content\/uploads\/2025\/08\/bande-a-propos-3.png"},{"@type":"BreadcrumbList","@id":"https:\/\/sakina-therapie.pro\/index.php\/conditions-generales-de-ventes\/#breadcrumb","itemListElement":[{"@type":"ListItem","position":1,"name":"Accueil","item":"https:\/\/sakina-therapie.pro\/"},{"@type":"ListItem","position":2,"name":"Conditions g\u00e9n\u00e9rales de ventes"}]},{"@type":"WebSite","@id":"https:\/\/sakina-therapie.pro\/#website","url":"https:\/\/sakina-therapie.pro\/","name":"Sakina th\u00e9rapie","description":"Pas \u00e0 pas vers la sakina","publisher":{"@id":"https:\/\/sakina-therapie.pro\/#organization"},"potentialAction":[{"@type":"SearchAction","target":{"@type":"EntryPoint","urlTemplate":"https:\/\/sakina-therapie.pro\/?s={search_term_string}"},"query-input":{"@type":"PropertyValueSpecification","valueRequired":true,"valueName":"search_term_string"}}],"inLanguage":"en-US"},{"@type":"Organization","@id":"https:\/\/sakina-therapie.pro\/#organization","name":"Sakina th\u00e9rapie","url":"https:\/\/sakina-therapie.pro\/","logo":{"@type":"ImageObject","inLanguage":"en-US","@id":"https:\/\/sakina-therapie.pro\/#\/schema\/logo\/image\/","url":"https:\/\/sakina-therapie.pro\/wp-content\/uploads\/2025\/08\/Logo-filigrane-pour-fond-clair.png","contentUrl":"https:\/\/sakina-therapie.pro\/wp-content\/uploads\/2025\/08\/Logo-filigrane-pour-fond-clair.png","width":1209,"height":1640,"caption":"Sakina th\u00e9rapie"},"image":{"@id":"https:\/\/sakina-therapie.pro\/#\/schema\/logo\/image\/"}}]}},"_links":{"self":[{"href":"https:\/\/sakina-therapie.pro\/index.php\/wp-json\/wp\/v2\/pages\/2544","targetHints":{"allow":["GET"]}}],"collection":[{"href":"https:\/\/sakina-therapie.pro\/index.php\/wp-json\/wp\/v2\/pages"}],"about":[{"href":"https:\/\/sakina-therapie.pro\/index.php\/wp-json\/wp\/v2\/types\/page"}],"author":[{"embeddable":true,"href":"https:\/\/sakina-therapie.pro\/index.php\/wp-json\/wp\/v2\/users\/1"}],"replies":[{"embeddable":true,"href":"https:\/\/sakina-therapie.pro\/index.php\/wp-json\/wp\/v2\/comments?post=2544"}],"version-history":[{"count":2,"href":"https:\/\/sakina-therapie.pro\/index.php\/wp-json\/wp\/v2\/pages\/2544\/revisions"}],"predecessor-version":[{"id":2556,"href":"https:\/\/sakina-therapie.pro\/index.php\/wp-json\/wp\/v2\/pages\/2544\/revisions\/2556"}],"wp:featuredmedia":[{"embeddable":true,"href":"https:\/\/sakina-therapie.pro\/index.php\/wp-json\/wp\/v2\/media\/2200"}],"wp:attachment":[{"href":"https:\/\/sakina-therapie.pro\/index.php\/wp-json\/wp\/v2\/media?parent=2544"}],"curies":[{"name":"wp","href":"https:\/\/api.w.org\/{rel}","templated":true}]}}