{"id":2548,"date":"2025-10-05T18:23:22","date_gmt":"2025-10-05T16:23:22","guid":{"rendered":"https:\/\/sakina-therapie.pro\/?page_id=2548"},"modified":"2025-10-05T18:29:20","modified_gmt":"2025-10-05T16:29:20","slug":"politique-de-confidentialite","status":"publish","type":"page","link":"https:\/\/sakina-therapie.pro\/index.php\/politique-de-confidentialite\/","title":{"rendered":"Politique de confidentialit\u00e9"},"content":{"rendered":"\n<p><\/p>\n\n\n\n<p class=\"has-palette-color-4-color has-text-color has-link-color has-medium-font-size wp-elements-021524e65c2250d12b6d645273913bf8\"><strong>1. Collecte des donn\u00e9es personnelles<\/strong><br>Lors de l\u2019utilisation du site&nbsp;<strong>sakina-therapie.pro<\/strong>, les informations suivantes peuvent \u00eatre collect\u00e9es :<\/p>\n\n\n\n<p class=\"has-palette-color-4-color has-text-color has-link-color has-medium-font-size wp-elements-7d86b10196c4df32c5e2e1d8a9d27ea9\">\u2022&nbsp;nom et pr\u00e9nom,<\/p>\n\n\n\n<p class=\"has-palette-color-4-color has-text-color has-link-color has-medium-font-size wp-elements-3e83060af3b1de86727de72467fcbe63\">\u2022&nbsp;adresse&nbsp;email,<\/p>\n\n\n\n<p class=\"has-palette-color-4-color has-text-color has-link-color has-medium-font-size wp-elements-0ca5159570a8497bb509923324253d65\">\u2022&nbsp;num\u00e9ro de t\u00e9l\u00e9phone \/ WhatsApp,<\/p>\n\n\n\n<p class=\"has-palette-color-4-color has-text-color has-link-color has-medium-font-size wp-elements-e8dd1a142e42a1938d2422080f8ecd53\">\u2022&nbsp;informations communiqu\u00e9es dans le cadre d\u2019une prise de rendez-vous.<\/p>\n\n\n\n<p class=\"has-palette-color-4-color has-text-color has-link-color has-medium-font-size wp-elements-ba3cdd1bb747927d6a8e266af3cfd812\"><strong>2. Utilisation des donn\u00e9es<\/strong><br>Les donn\u00e9es sont utilis\u00e9es exclusivement pour :<\/p>\n\n\n\n<p class=\"has-palette-color-4-color has-text-color has-link-color has-medium-font-size wp-elements-98851f145e36e9a14e74b2a127d2b5fe\">\u2022&nbsp;la gestion des rendez-vous,<\/p>\n\n\n\n<p class=\"has-palette-color-4-color has-text-color has-link-color has-medium-font-size wp-elements-b3e0db6263d8251ccaecc853fc52e63d\">\u2022&nbsp;la communication avec les patientes,<\/p>\n\n\n\n<p class=\"has-palette-color-4-color has-text-color has-link-color has-medium-font-size wp-elements-a55831466abcca722a7db865f197a19c\">\u2022&nbsp;l\u2019envoi d\u2019informations pratiques li\u00e9es aux prestations.<\/p>\n\n\n\n<p class=\"has-palette-color-4-color has-text-color has-link-color has-medium-font-size wp-elements-b1caedba79a53fd46e9e3fb393302c9e\"><strong>3. Base l\u00e9gale du traitement<\/strong><br>Le traitement repose sur le consentement explicite des utilisatrices et\/ou sur l\u2019ex\u00e9cution d\u2019un contrat de service (consultations).<\/p>\n\n\n\n<p class=\"has-palette-color-4-color has-text-color has-link-color has-medium-font-size wp-elements-72e1ed8fa240808691337e15e2e33f83\"><strong>4. Conservation des donn\u00e9es<\/strong><br>Les donn\u00e9es sont conserv\u00e9es uniquement le temps n\u00e9cessaire \u00e0 la r\u00e9alisation des prestations et \u00e0 la gestion administrative, puis supprim\u00e9es.<\/p>\n\n\n\n<p class=\"has-palette-color-4-color has-text-color has-link-color has-medium-font-size wp-elements-517a3ce7eeca7c76cdc42c05154b7777\"><strong>5. Partage des donn\u00e9es<\/strong><br>Les donn\u00e9es ne sont jamais c\u00e9d\u00e9es, lou\u00e9es ou vendues \u00e0 des tiers. Elles peuvent toutefois \u00eatre transmises si la loi l\u2019exige.<\/p>\n\n\n\n<p class=\"has-palette-color-4-color has-text-color has-link-color has-medium-font-size wp-elements-a66af0c529d10ed3a2a27840231c45aa\"><strong>6. Droits des utilisatrices<\/strong><br>Conform\u00e9ment au&nbsp;<strong>RGPD<\/strong>&nbsp;et \u00e0 la loi Informatique et Libert\u00e9s, chaque utilisatrice dispose des droits suivants :<\/p>\n\n\n\n<p class=\"has-palette-color-4-color has-text-color has-link-color has-medium-font-size wp-elements-3a92f7f9ddc2fde9cfaec15e7e1fc3ef\">\u2022&nbsp;droit d\u2019acc\u00e8s,<\/p>\n\n\n\n<p class=\"has-palette-color-4-color has-text-color has-link-color has-medium-font-size wp-elements-1a52fe58706d519290c066418ae0ad24\">\u2022&nbsp;droit de rectification,<\/p>\n\n\n\n<p class=\"has-palette-color-4-color has-text-color has-link-color has-medium-font-size wp-elements-0d3a28e05acd1d71d6701d3521fbf422\">\u2022&nbsp;droit d\u2019effacement,<\/p>\n\n\n\n<p class=\"has-palette-color-4-color has-text-color has-link-color has-medium-font-size wp-elements-83bfbf54a3100c3f5ffd97c0928e8c0a\">\u2022&nbsp;droit \u00e0 la limitation du traitement,<\/p>\n\n\n\n<p class=\"has-palette-color-4-color has-text-color has-link-color has-medium-font-size wp-elements-5cd2e8775fcead3ed3bb418b80448d8d\">\u2022&nbsp;droit d\u2019opposition,<\/p>\n\n\n\n<p class=\"has-palette-color-4-color has-text-color has-link-color has-medium-font-size wp-elements-e7d840484556789566ef0a68259ecf3c\">\u2022&nbsp;droit \u00e0 la portabilit\u00e9 des donn\u00e9es.<\/p>\n\n\n\n<p class=\"has-palette-color-4-color has-text-color has-link-color has-medium-font-size wp-elements-b365aaf4ad645e66d57c191e6567e7af\">Pour exercer ces droits, il suffit d\u2019envoyer un&nbsp;email&nbsp;\u00e0 :&nbsp;<strong>halipre.lucie@gmail.com<\/strong><\/p>\n\n\n\n<p class=\"has-palette-color-4-color has-text-color has-link-color has-medium-font-size wp-elements-214c372fb0c44d1510f5beebc43c6d59\"><strong>7. S\u00e9curit\u00e9 des donn\u00e9es<\/strong><br>Toutes les pr\u00e9cautions techniques et organisationnelles sont mises en place pour prot\u00e9ger les donn\u00e9es personnelles contre toute perte, usage abusif ou acc\u00e8s non autoris\u00e9.<\/p>\n\n\n\n<p class=\"has-palette-color-4-color has-text-color has-link-color has-medium-font-size wp-elements-5417af9f59ecbb37fa854b4cd148c449\"><strong>8. Cookies<\/strong><br>Le site peut utiliser des cookies pour am\u00e9liorer la navigation. L\u2019utilisatrice peut \u00e0 tout moment les refuser en param\u00e9trant son navigateur.<\/p>\n\n\n\n<p class=\"has-palette-color-4-color has-text-color has-link-color has-medium-font-size wp-elements-90accb9c5deba401f4e41715ebd97589\"><strong>9. Contact<\/strong><br>Pour toute question concernant la protection des donn\u00e9es personnelles, vous pouvez contacter :<br><strong>contact@sakina-therapie.pro<\/strong><\/p>\n","protected":false},"excerpt":{"rendered":"<p>1. Collecte des donn\u00e9es personnellesLors de l\u2019utilisation du site&nbsp;sakina-therapie.pro, les informations suivantes peuvent \u00eatre collect\u00e9es : \u2022&nbsp;nom et pr\u00e9nom, \u2022&nbsp;adresse&nbsp;email, \u2022&nbsp;num\u00e9ro de t\u00e9l\u00e9phone \/ WhatsApp, \u2022&nbsp;informations communiqu\u00e9es dans le cadre d\u2019une prise de rendez-vous. 2. Utilisation des donn\u00e9esLes donn\u00e9es sont utilis\u00e9es exclusivement pour : \u2022&nbsp;la gestion des rendez-vous, \u2022&nbsp;la communication avec les patientes, \u2022&nbsp;l\u2019envoi d\u2019informations [&hellip;]<\/p>\n","protected":false},"author":1,"featured_media":2200,"parent":0,"menu_order":0,"comment_status":"closed","ping_status":"closed","template":"","meta":{"footnotes":""},"class_list":["post-2548","page","type-page","status-publish","has-post-thumbnail","hentry"],"blocksy_meta":[],"yoast_head":"<!-- This site is optimized with the Yoast SEO plugin v27.0 - https:\/\/yoast.com\/product\/yoast-seo-wordpress\/ -->\n<title>Politique de confidentialit\u00e9 - Sakina th\u00e9rapie<\/title>\n<meta name=\"robots\" content=\"index, follow, max-snippet:-1, max-image-preview:large, max-video-preview:-1\" \/>\n<link rel=\"canonical\" href=\"https:\/\/sakina-therapie.pro\/index.php\/politique-de-confidentialite\/\" \/>\n<meta property=\"og:locale\" content=\"en_US\" \/>\n<meta property=\"og:type\" content=\"article\" \/>\n<meta property=\"og:title\" content=\"Politique de confidentialit\u00e9 - Sakina th\u00e9rapie\" \/>\n<meta property=\"og:description\" content=\"1. Collecte des donn\u00e9es personnellesLors de l\u2019utilisation du site&nbsp;sakina-therapie.pro, les informations suivantes peuvent \u00eatre collect\u00e9es : \u2022&nbsp;nom et pr\u00e9nom, \u2022&nbsp;adresse&nbsp;email, \u2022&nbsp;num\u00e9ro de t\u00e9l\u00e9phone \/ WhatsApp, \u2022&nbsp;informations communiqu\u00e9es dans le cadre d\u2019une prise de rendez-vous. 2. Utilisation des donn\u00e9esLes donn\u00e9es sont utilis\u00e9es exclusivement pour : \u2022&nbsp;la gestion des rendez-vous, \u2022&nbsp;la communication avec les patientes, \u2022&nbsp;l\u2019envoi d\u2019informations [&hellip;]\" \/>\n<meta property=\"og:url\" content=\"https:\/\/sakina-therapie.pro\/index.php\/politique-de-confidentialite\/\" \/>\n<meta property=\"og:site_name\" content=\"Sakina th\u00e9rapie\" \/>\n<meta property=\"article:modified_time\" content=\"2025-10-05T16:29:20+00:00\" \/>\n<meta property=\"og:image\" content=\"https:\/\/sakina-therapie.pro\/wp-content\/uploads\/2025\/08\/bande-a-propos-3.png\" \/>\n\t<meta property=\"og:image:width\" content=\"1\" \/>\n\t<meta property=\"og:image:height\" content=\"1\" \/>\n\t<meta property=\"og:image:type\" content=\"image\/png\" \/>\n<meta name=\"twitter:card\" content=\"summary_large_image\" \/>\n<meta name=\"twitter:label1\" content=\"Est. reading time\" \/>\n\t<meta name=\"twitter:data1\" content=\"1 minute\" \/>\n<script type=\"application\/ld+json\" class=\"yoast-schema-graph\">{\"@context\":\"https:\/\/schema.org\",\"@graph\":[{\"@type\":\"WebPage\",\"@id\":\"https:\/\/sakina-therapie.pro\/index.php\/politique-de-confidentialite\/\",\"url\":\"https:\/\/sakina-therapie.pro\/index.php\/politique-de-confidentialite\/\",\"name\":\"Politique de confidentialit\u00e9 - Sakina th\u00e9rapie\",\"isPartOf\":{\"@id\":\"https:\/\/sakina-therapie.pro\/#website\"},\"primaryImageOfPage\":{\"@id\":\"https:\/\/sakina-therapie.pro\/index.php\/politique-de-confidentialite\/#primaryimage\"},\"image\":{\"@id\":\"https:\/\/sakina-therapie.pro\/index.php\/politique-de-confidentialite\/#primaryimage\"},\"thumbnailUrl\":\"https:\/\/sakina-therapie.pro\/wp-content\/uploads\/2025\/08\/bande-a-propos-3.png\",\"datePublished\":\"2025-10-05T16:23:22+00:00\",\"dateModified\":\"2025-10-05T16:29:20+00:00\",\"breadcrumb\":{\"@id\":\"https:\/\/sakina-therapie.pro\/index.php\/politique-de-confidentialite\/#breadcrumb\"},\"inLanguage\":\"en-US\",\"potentialAction\":[{\"@type\":\"ReadAction\",\"target\":[\"https:\/\/sakina-therapie.pro\/index.php\/politique-de-confidentialite\/\"]}]},{\"@type\":\"ImageObject\",\"inLanguage\":\"en-US\",\"@id\":\"https:\/\/sakina-therapie.pro\/index.php\/politique-de-confidentialite\/#primaryimage\",\"url\":\"https:\/\/sakina-therapie.pro\/wp-content\/uploads\/2025\/08\/bande-a-propos-3.png\",\"contentUrl\":\"https:\/\/sakina-therapie.pro\/wp-content\/uploads\/2025\/08\/bande-a-propos-3.png\"},{\"@type\":\"BreadcrumbList\",\"@id\":\"https:\/\/sakina-therapie.pro\/index.php\/politique-de-confidentialite\/#breadcrumb\",\"itemListElement\":[{\"@type\":\"ListItem\",\"position\":1,\"name\":\"Accueil\",\"item\":\"https:\/\/sakina-therapie.pro\/\"},{\"@type\":\"ListItem\",\"position\":2,\"name\":\"Politique de confidentialit\u00e9\"}]},{\"@type\":\"WebSite\",\"@id\":\"https:\/\/sakina-therapie.pro\/#website\",\"url\":\"https:\/\/sakina-therapie.pro\/\",\"name\":\"Sakina th\u00e9rapie\",\"description\":\"Pas \u00e0 pas vers la sakina\",\"publisher\":{\"@id\":\"https:\/\/sakina-therapie.pro\/#organization\"},\"potentialAction\":[{\"@type\":\"SearchAction\",\"target\":{\"@type\":\"EntryPoint\",\"urlTemplate\":\"https:\/\/sakina-therapie.pro\/?s={search_term_string}\"},\"query-input\":{\"@type\":\"PropertyValueSpecification\",\"valueRequired\":true,\"valueName\":\"search_term_string\"}}],\"inLanguage\":\"en-US\"},{\"@type\":\"Organization\",\"@id\":\"https:\/\/sakina-therapie.pro\/#organization\",\"name\":\"Sakina th\u00e9rapie\",\"url\":\"https:\/\/sakina-therapie.pro\/\",\"logo\":{\"@type\":\"ImageObject\",\"inLanguage\":\"en-US\",\"@id\":\"https:\/\/sakina-therapie.pro\/#\/schema\/logo\/image\/\",\"url\":\"https:\/\/sakina-therapie.pro\/wp-content\/uploads\/2025\/08\/Logo-filigrane-pour-fond-clair.png\",\"contentUrl\":\"https:\/\/sakina-therapie.pro\/wp-content\/uploads\/2025\/08\/Logo-filigrane-pour-fond-clair.png\",\"width\":1209,\"height\":1640,\"caption\":\"Sakina th\u00e9rapie\"},\"image\":{\"@id\":\"https:\/\/sakina-therapie.pro\/#\/schema\/logo\/image\/\"}}]}<\/script>\n<!-- \/ Yoast SEO plugin. -->","yoast_head_json":{"title":"Politique de confidentialit\u00e9 - Sakina th\u00e9rapie","robots":{"index":"index","follow":"follow","max-snippet":"max-snippet:-1","max-image-preview":"max-image-preview:large","max-video-preview":"max-video-preview:-1"},"canonical":"https:\/\/sakina-therapie.pro\/index.php\/politique-de-confidentialite\/","og_locale":"en_US","og_type":"article","og_title":"Politique de confidentialit\u00e9 - Sakina th\u00e9rapie","og_description":"1. Collecte des donn\u00e9es personnellesLors de l\u2019utilisation du site&nbsp;sakina-therapie.pro, les informations suivantes peuvent \u00eatre collect\u00e9es : \u2022&nbsp;nom et pr\u00e9nom, \u2022&nbsp;adresse&nbsp;email, \u2022&nbsp;num\u00e9ro de t\u00e9l\u00e9phone \/ WhatsApp, \u2022&nbsp;informations communiqu\u00e9es dans le cadre d\u2019une prise de rendez-vous. 2. Utilisation des donn\u00e9esLes donn\u00e9es sont utilis\u00e9es exclusivement pour : \u2022&nbsp;la gestion des rendez-vous, \u2022&nbsp;la communication avec les patientes, \u2022&nbsp;l\u2019envoi d\u2019informations [&hellip;]","og_url":"https:\/\/sakina-therapie.pro\/index.php\/politique-de-confidentialite\/","og_site_name":"Sakina th\u00e9rapie","article_modified_time":"2025-10-05T16:29:20+00:00","og_image":[{"url":"https:\/\/sakina-therapie.pro\/wp-content\/uploads\/2025\/08\/bande-a-propos-3.png","width":1,"height":1,"type":"image\/png"}],"twitter_card":"summary_large_image","twitter_misc":{"Est. reading time":"1 minute"},"schema":{"@context":"https:\/\/schema.org","@graph":[{"@type":"WebPage","@id":"https:\/\/sakina-therapie.pro\/index.php\/politique-de-confidentialite\/","url":"https:\/\/sakina-therapie.pro\/index.php\/politique-de-confidentialite\/","name":"Politique de confidentialit\u00e9 - Sakina th\u00e9rapie","isPartOf":{"@id":"https:\/\/sakina-therapie.pro\/#website"},"primaryImageOfPage":{"@id":"https:\/\/sakina-therapie.pro\/index.php\/politique-de-confidentialite\/#primaryimage"},"image":{"@id":"https:\/\/sakina-therapie.pro\/index.php\/politique-de-confidentialite\/#primaryimage"},"thumbnailUrl":"https:\/\/sakina-therapie.pro\/wp-content\/uploads\/2025\/08\/bande-a-propos-3.png","datePublished":"2025-10-05T16:23:22+00:00","dateModified":"2025-10-05T16:29:20+00:00","breadcrumb":{"@id":"https:\/\/sakina-therapie.pro\/index.php\/politique-de-confidentialite\/#breadcrumb"},"inLanguage":"en-US","potentialAction":[{"@type":"ReadAction","target":["https:\/\/sakina-therapie.pro\/index.php\/politique-de-confidentialite\/"]}]},{"@type":"ImageObject","inLanguage":"en-US","@id":"https:\/\/sakina-therapie.pro\/index.php\/politique-de-confidentialite\/#primaryimage","url":"https:\/\/sakina-therapie.pro\/wp-content\/uploads\/2025\/08\/bande-a-propos-3.png","contentUrl":"https:\/\/sakina-therapie.pro\/wp-content\/uploads\/2025\/08\/bande-a-propos-3.png"},{"@type":"BreadcrumbList","@id":"https:\/\/sakina-therapie.pro\/index.php\/politique-de-confidentialite\/#breadcrumb","itemListElement":[{"@type":"ListItem","position":1,"name":"Accueil","item":"https:\/\/sakina-therapie.pro\/"},{"@type":"ListItem","position":2,"name":"Politique de confidentialit\u00e9"}]},{"@type":"WebSite","@id":"https:\/\/sakina-therapie.pro\/#website","url":"https:\/\/sakina-therapie.pro\/","name":"Sakina th\u00e9rapie","description":"Pas \u00e0 pas vers la sakina","publisher":{"@id":"https:\/\/sakina-therapie.pro\/#organization"},"potentialAction":[{"@type":"SearchAction","target":{"@type":"EntryPoint","urlTemplate":"https:\/\/sakina-therapie.pro\/?s={search_term_string}"},"query-input":{"@type":"PropertyValueSpecification","valueRequired":true,"valueName":"search_term_string"}}],"inLanguage":"en-US"},{"@type":"Organization","@id":"https:\/\/sakina-therapie.pro\/#organization","name":"Sakina th\u00e9rapie","url":"https:\/\/sakina-therapie.pro\/","logo":{"@type":"ImageObject","inLanguage":"en-US","@id":"https:\/\/sakina-therapie.pro\/#\/schema\/logo\/image\/","url":"https:\/\/sakina-therapie.pro\/wp-content\/uploads\/2025\/08\/Logo-filigrane-pour-fond-clair.png","contentUrl":"https:\/\/sakina-therapie.pro\/wp-content\/uploads\/2025\/08\/Logo-filigrane-pour-fond-clair.png","width":1209,"height":1640,"caption":"Sakina th\u00e9rapie"},"image":{"@id":"https:\/\/sakina-therapie.pro\/#\/schema\/logo\/image\/"}}]}},"_links":{"self":[{"href":"https:\/\/sakina-therapie.pro\/index.php\/wp-json\/wp\/v2\/pages\/2548","targetHints":{"allow":["GET"]}}],"collection":[{"href":"https:\/\/sakina-therapie.pro\/index.php\/wp-json\/wp\/v2\/pages"}],"about":[{"href":"https:\/\/sakina-therapie.pro\/index.php\/wp-json\/wp\/v2\/types\/page"}],"author":[{"embeddable":true,"href":"https:\/\/sakina-therapie.pro\/index.php\/wp-json\/wp\/v2\/users\/1"}],"replies":[{"embeddable":true,"href":"https:\/\/sakina-therapie.pro\/index.php\/wp-json\/wp\/v2\/comments?post=2548"}],"version-history":[{"count":2,"href":"https:\/\/sakina-therapie.pro\/index.php\/wp-json\/wp\/v2\/pages\/2548\/revisions"}],"predecessor-version":[{"id":2551,"href":"https:\/\/sakina-therapie.pro\/index.php\/wp-json\/wp\/v2\/pages\/2548\/revisions\/2551"}],"wp:featuredmedia":[{"embeddable":true,"href":"https:\/\/sakina-therapie.pro\/index.php\/wp-json\/wp\/v2\/media\/2200"}],"wp:attachment":[{"href":"https:\/\/sakina-therapie.pro\/index.php\/wp-json\/wp\/v2\/media?parent=2548"}],"curies":[{"name":"wp","href":"https:\/\/api.w.org\/{rel}","templated":true}]}}